{"id":3958,"date":"2024-02-21T14:57:50","date_gmt":"2024-02-21T13:57:50","guid":{"rendered":"https:\/\/lhivernu.com\/?post_type=mec-events&#038;p=3958"},"modified":"2024-05-07T10:45:18","modified_gmt":"2024-05-07T08:45:18","slug":"les-estivants-de-m-gorki","status":"publish","type":"mec-events","link":"https:\/\/lhivernu.com\/index.php\/events\/les-estivants-de-m-gorki\/","title":{"rendered":"LES ESTIVANTS DE M. GORKI"},"content":{"rendered":"<p><em>\u00ab\u00a0Je voudrais aller quelque part o\u00f9 vivent des gens simples et sains, o\u00f9 on parle une autre langue, o\u00f9 on se consacre \u00e0 des choses importantes.\u00a0\u00bb<\/em><\/p>\n<p>D\u00e8s le d\u00e9but de la pi\u00e8ce, Varia la m\u00e9lancolique, \u00e9pouse de Bassov le bon vivant passablement superficiel l\u00e2che ces mots dans un soupir. Son environnement lui semble tellement insignifiant. Une vingtaine de gens de la bonne soci\u00e9t\u00e9 russe passent, comme d\u2019habitude, l\u2019\u00e9t\u00e9 dans leur maison de campagne. Ce qu\u2019ils font, c\u2019est ne rien faire. Cela peut sembler merveilleux, mais c\u2019est futile \u2013 voil\u00e0 le mot. Ils remplissent leurs journ\u00e9es de palabres, d\u2019aspirations et s\u00e9ductions vaines, de reproches, de regrets \u00e0 propos de l\u2019existence pass\u00e9e, et se font peu de soucis \u00e0 propos de ce qui va venir.<\/p>\n<p>\u00c9crite en 1904, \u00e0 la veille des grandes r\u00e9volutions russes, les Estivants d\u00e9peint, dans une atmosph\u00e8re exub\u00e9rante, une soci\u00e9t\u00e9 bourgeoise en perte de rep\u00e8res et sens.<\/p>\n<p>Avec William Audebert, Eddie Balaye, Martine Barlier, \u00c9liza Christofi, Fran\u00e7oise Combes, V\u00e9ronique Dubus, Laure Jacques, laura Loudcher, Claire Masson, Sabine Muslewski, Jean-Baptiste Pineau, Serge Poulalion-Dides, Ali Soro.<\/p>\n<p>Mise en Sc\u00e8ne\u00a0: Claire Perraudeau<\/p>\n<p><strong>Les 15,16,27 et 28 juin. Horaires et lieux \u00e0 pr\u00e9ciser<\/strong><\/p>\n<p><strong>Informations et r\u00e9servations\u00a0<\/strong>: communication@lhivernu.com<\/p>\n","protected":false},"excerpt":{"rendered":"<p>\u00ab\u00a0Je voudrais aller quelque part o\u00f9 vivent des gens simples et sains, o\u00f9 on parle une autre langue, o\u00f9 on se consacre \u00e0 des choses importantes.\u00a0\u00bb D\u00e8s le d\u00e9but de la pi\u00e8ce, Varia la m\u00e9lancolique, \u00e9pouse de Bassov le bon vivant passablement superficiel l\u00e2che ces mots dans un soupir. Son environnement lui semble tellement insignifiant. Une vingtaine de gens de la bonne soci\u00e9t\u00e9 russe passent, comme d\u2019habitude, l\u2019\u00e9t\u00e9 dans leur maison de campagne. Ce qu\u2019ils font, c\u2019est ne rien faire. Cela peut sembler merveilleux, mais c\u2019est futile \u2013 voil\u00e0 le mot. Ils remplissent leurs journ\u00e9es de palabres, d\u2019aspirations et s\u00e9ductions vaines, de reproches, de regrets \u00e0 propos de l\u2019existence pass\u00e9e, et se font peu de soucis \u00e0 propos de ce qui va venir. \u00c9crite en 1904, \u00e0 la veille des grandes r\u00e9volutions russes, les Estivants d\u00e9peint, dans une atmosph\u00e8re exub\u00e9rante, une soci\u00e9t\u00e9 bourgeoise en perte de rep\u00e8res et sens. Avec William Audebert, Eddie Balaye, Martine Barlier, \u00c9liza Christofi, Fran\u00e7oise Combes, V\u00e9ronique Dubus, Laure Jacques, laura Loudcher, Claire Masson, Sabine Muslewski, Jean-Baptiste Pineau, Serge Poulalion-Dides, Ali Soro. Mise en Sc\u00e8ne\u00a0: Claire Perraudeau Les 15,16,27 et 28 juin. Horaires et lieux \u00e0 pr\u00e9ciser Informations et r\u00e9servations\u00a0: communication@lhivernu.com<\/p>\n","protected":false},"author":4,"featured_media":3281,"comment_status":"open","ping_status":"closed","template":"","tags":[],"mec_category":[],"class_list":["post-3958","mec-events","type-mec-events","status-publish","has-post-thumbnail","hentry"],"_links":{"self":[{"href":"https:\/\/lhivernu.com\/index.php\/wp-json\/wp\/v2\/mec-events\/3958","targetHints":{"allow":["GET"]}}],"collection":[{"href":"https:\/\/lhivernu.com\/index.php\/wp-json\/wp\/v2\/mec-events"}],"about":[{"href":"https:\/\/lhivernu.com\/index.php\/wp-json\/wp\/v2\/types\/mec-events"}],"author":[{"embeddable":true,"href":"https:\/\/lhivernu.com\/index.php\/wp-json\/wp\/v2\/users\/4"}],"replies":[{"embeddable":true,"href":"https:\/\/lhivernu.com\/index.php\/wp-json\/wp\/v2\/comments?post=3958"}],"wp:featuredmedia":[{"embeddable":true,"href":"https:\/\/lhivernu.com\/index.php\/wp-json\/wp\/v2\/media\/3281"}],"wp:attachment":[{"href":"https:\/\/lhivernu.com\/index.php\/wp-json\/wp\/v2\/media?parent=3958"}],"wp:term":[{"taxonomy":"post_tag","embeddable":true,"href":"https:\/\/lhivernu.com\/index.php\/wp-json\/wp\/v2\/tags?post=3958"},{"taxonomy":"mec_category","embeddable":true,"href":"https:\/\/lhivernu.com\/index.php\/wp-json\/wp\/v2\/mec_category?post=3958"}],"curies":[{"name":"wp","href":"https:\/\/api.w.org\/{rel}","templated":true}]}}