{"id":2755,"date":"2022-03-11T16:55:39","date_gmt":"2022-03-11T15:55:39","guid":{"rendered":"http:\/\/lhivernu.com\/?page_id=2755"},"modified":"2026-04-16T14:07:19","modified_gmt":"2026-04-16T12:07:19","slug":"les-etablis-itinerants","status":"publish","type":"page","link":"https:\/\/lhivernu.com\/index.php\/les-etablis-itinerants\/","title":{"rendered":"Les \u00e9tablis itin\u00e9rants"},"content":{"rendered":"\t\t<div data-elementor-type=\"wp-page\" data-elementor-id=\"2755\" class=\"elementor elementor-2755\">\n\t\t\t\t\t\t<section class=\"elementor-section elementor-top-section elementor-element elementor-element-75a3ee4b elementor-section-boxed elementor-section-height-default elementor-section-height-default\" data-id=\"75a3ee4b\" data-element_type=\"section\" data-e-type=\"section\">\n\t\t\t\t\t\t<div class=\"elementor-container elementor-column-gap-default\">\n\t\t\t\t\t<div class=\"elementor-column elementor-col-100 elementor-top-column elementor-element elementor-element-7904aa2d\" data-id=\"7904aa2d\" data-element_type=\"column\" data-e-type=\"column\">\n\t\t\t<div class=\"elementor-widget-wrap elementor-element-populated\">\n\t\t\t\t\t\t<div class=\"elementor-element elementor-element-acfd9ec elementor-widget elementor-widget-text-editor\" data-id=\"acfd9ec\" data-element_type=\"widget\" data-e-type=\"widget\" data-widget_type=\"text-editor.default\">\n\t\t\t\t<div class=\"elementor-widget-container\">\n\t\t\t\t\t\t\t\t\t\n<figure class=\"wp-block-gallery columns-1 is-cropped wp-block-gallery-3 is-layout-flex wp-block-gallery-is-layout-flex\">\n<ul class=\"blocks-gallery-grid\">\n<li class=\"blocks-gallery-item\">\n<figure><a href=\"https:\/\/lhivernu.com\/wp-content\/uploads\/2022\/03\/Montage-photos-\u00c9tablis-1.jpg\"><img fetchpriority=\"high\" decoding=\"async\" class=\"alignnone wp-image-2764\" src=\"https:\/\/lhivernu.com\/wp-content\/uploads\/2022\/03\/Montage-photos-\u00c9tablis-1.jpg\" alt=\"\" width=\"842\" height=\"595\" data-id=\"2764\" data-full-url=\"https:\/\/lhivernu.com\/wp-content\/uploads\/2022\/03\/Montage-photos-\u00c9tablis-1.jpg\" data-link=\"https:\/\/lhivernu.com\/?attachment_id=2764\" srcset=\"https:\/\/lhivernu.com\/wp-content\/uploads\/2022\/03\/Montage-photos-\u00c9tablis-1.jpg 842w, https:\/\/lhivernu.com\/wp-content\/uploads\/2022\/03\/Montage-photos-\u00c9tablis-1-300x212.jpg 300w, https:\/\/lhivernu.com\/wp-content\/uploads\/2022\/03\/Montage-photos-\u00c9tablis-1-768x543.jpg 768w, https:\/\/lhivernu.com\/wp-content\/uploads\/2022\/03\/Montage-photos-\u00c9tablis-1-830x587.jpg 830w, https:\/\/lhivernu.com\/wp-content\/uploads\/2022\/03\/Montage-photos-\u00c9tablis-1-230x163.jpg 230w, https:\/\/lhivernu.com\/wp-content\/uploads\/2022\/03\/Montage-photos-\u00c9tablis-1-350x247.jpg 350w, https:\/\/lhivernu.com\/wp-content\/uploads\/2022\/03\/Montage-photos-\u00c9tablis-1-480x339.jpg 480w\" sizes=\"(max-width: 842px) 100vw, 842px\" \/><\/a><\/figure>\n<\/li>\n<\/ul>\n<\/figure>\n\n<div id=\"wp-block-themeisle-blocks-advanced-columns-a84db619\" class=\"wp-block-themeisle-blocks-advanced-columns has-1-columns has-desktop-equal-layout has-tablet-equal-layout has-mobile-equal-layout has-default-gap has-vertical-unset\">\n<div class=\"wp-block-themeisle-blocks-advanced-columns-overlay\">\u00a0<\/div>\n<div class=\"innerblocks-wrap\">\n<div id=\"wp-block-themeisle-blocks-advanced-column-9616ba0b\" class=\"wp-block-themeisle-blocks-advanced-column\">\n<p class=\"has-text-color has-very-dark-gray-color\">Afin de nourrir la recherche et l&rsquo;\u00e9criture du spectacle <em>Sauvage ou les enfants du fleuve<\/em>, nous avons imagin\u00e9 le dispositif des \u00e9tablis itin\u00e9rants. De 2019 \u00e0 2021, de nombreux \u00e9tablis ont \u00e9t\u00e9 men\u00e9s en coll\u00e8ges, \u00e9coles, h\u00f4pitaux, associations, et nous ont permis de rencontrer enfants, adolescents et adultes, autour de notre projet th\u00e9\u00e2tral actuel. <br \/>Depuis ao\u00fbt 2021, les \u00e9tablis itin\u00e9rants sont propos\u00e9s comme action culturelle li\u00e9e \u00e0 la diffusion du spectacle, mais aussi plus largement \u00e0 notre recherche th\u00e9\u00e2trale autour du milieu, qui continue. <br \/><br \/><strong>GLANER, PENSER, FABRIQUER, JOUER, RACONTER<\/strong><br \/><strong>Dispositif de recherche ludique pour la cr\u00e9ation de champs de pens\u00e9es po\u00e9tiques<\/strong><br \/>C&rsquo;est un cercle d&rsquo;\u00e9tablis \u00e0 hauteur d&rsquo;enfant o\u00f9 l&rsquo;on peut faire et penser \u00e0 son rythme et au rythme du groupe. Le projet est d&rsquo;y mat\u00e9rialiser des pens\u00e9es sous formes d&rsquo;objets manipulables et que ces objets se mettent \u00e0 penser. Nous y \u00e9laborons des marionnettes simples, nous racontons des histoires et dialoguons avec ce qui nous environne. <strong>Nous y construisons au fur et \u00e0 mesure un terrain de jeu organique, comme un milieu naturel. <\/strong><br \/><br \/><strong>UN DISPOSITIF SC\u00c9NOGRAPHIQUE VIVANT<br \/>8 plateaux-\u00e9tablis construits \u00e0 hauteur d&rsquo;enfants sont dispos\u00e9s en cercle. <\/strong><br \/>Ils sont \u00e9quip\u00e9s d&rsquo;outillage et de mat\u00e9riaux pour la construction. Au centre du cercle d&rsquo;\u00e9tablis se tient un \u00eelot destin\u00e9 \u00e0 recevoir l&rsquo;ensemble des d\u00e9chets organiques ou manufactur\u00e9s glan\u00e9s. <br \/><strong>Chacun peut ainsi construire, seul ou avec les autres, <\/strong>dans une facilit\u00e9 de circulation mais aussi d&rsquo;\u00e9change. <strong>\u00c0 volont\u00e9, le centre devient le lieu de performance th\u00e9\u00e2trale. <\/strong><br \/>Comme des ronds dans l&rsquo;eau; le dispositif fonctionne par cercles concentriques<br \/>&#8211; Cercle 0 : <strong>R\u00e9cit d&rsquo;une d\u00e9rive.<\/strong><br \/>&#8211; Cercle 1 : <strong>On glane <\/strong>des objets flottants en tout genre, dans un milieu d\u00e9fini. <br \/>&#8211; Cercle 2 : <strong>On pense<\/strong> en cercle, on dialogue.<br \/>&#8211; Cercle 3 : <strong>On fabrique<\/strong> des objets marionnettiques \u00e0 partir des objets glan\u00e9s. <br \/>&#8211; Cercle 4 : <strong>On raconte des histoires&#8230;<\/strong> Par l&rsquo;entremise de deux marionnettes (Sauvage et Serpente).<br \/>&#8211; Cercle 5 : <strong>On fait jouer les marionnettes<\/strong> r\u00e9alis\u00e9es, elles nous r\u00e9v\u00e8lent leurs propres mondes. <br \/><br \/><strong>LE DUO SAUVAGE &#8211; SERPENTE<br \/>Sauvage et Serpente sont deux marionnettes.<\/strong><br \/>Sauvage est une fille de 8 ans aventureuse et passionn\u00e9e par les mondes subaquatiques. Am\u00e9liorant \u00e0 chaque plong\u00e9e son record d&rsquo;apn\u00e9e, elle ne cesse d&rsquo;explorer les \u00e9tendues qui s&rsquo;offrent \u00e0 elle sous l&rsquo;eau et inonde Serpente du r\u00e9cit de ses d\u00e9couvertes.<br \/>Serpente est bavarde, avec un go\u00fbt prononc\u00e9 pour la provocation. Volontiers anarchiste et irr\u00e9v\u00e9rencieuse, elle n&rsquo;aime rien tant qu&rsquo;\u00e0 provoquer le rire et l&rsquo;\u00e9bahissement. Elle n&rsquo;a de cesse de comprendre le fonctionnement des \u00eatres humains qu&rsquo;elle ne comprendra d\u00e9cid\u00e9ment jamais. \u00ab\u00a0Quelle id\u00e9e de travailler ? \u00ab\u00a0, \u00ab\u00a0Et pourquoi gagner de l&rsquo;argent ? \u00ab\u00a0, \u00ab\u00a0Acheter \u00e0 manger ? Au lieu de chasser ?\u00a0\u00bb. Les questions et provocations de Serpente incitent les enfants \u00e0 r\u00e9fl\u00e9chir \u00e0 l&rsquo;organisation des \u00eatres humains. Serpente entra\u00eene les enfants \u00e0 imaginer d&rsquo;autres modes de vies, r\u00e9alistes ou tout \u00e0 fait fantasques&#8230; Sauvage et Serpente sont aussi les deux habitantes du fleuve que les enfants du spectacle rencontrent au cours de leur aventure. <br \/><br \/><strong>CALENDRIER<\/strong><br \/><strong>Mercredi 20 avril 2022 :<\/strong> Florac (48)<br \/><strong>De f\u00e9vrier \u00e0 avril 2022 :<\/strong> \u00c9cole publique de Montrodat (48)<br \/><strong>D\u00e9cembre 2021 :<\/strong> \u00c9cole Borderouge, Toulouse (31)<br \/><strong>17 novembre 2021 :<\/strong> Langogne (48)<br \/><strong>10 novembre 2021 :<\/strong> Chambon-le-ch\u00e2teau (48)<br \/><strong>20 octobre 2021 : <\/strong>Centre de Loisirs du Bleymard (48)<br \/><strong>Octobre 2021 :<\/strong> \u00c9cole de Saint-Jean-de-la-Blaqui\u00e8re (34)<br \/><strong>4 et 6 octobre 2021 : <\/strong>Coll\u00e8ge de Chalabre et Maison du Lac de Montbel (11)<br \/><strong>Juin 2021 :<\/strong> \u00c9cole de Villefort (48)<br \/><strong>3 et 4 mai 2021 : <\/strong>\u00c9cole de V\u00e9bron (48)<br \/><strong>Du 22 mars au 2 avril 2021 : <\/strong>Coll\u00e8ge Bourrillon, Mende (48)<br \/><strong>19 d\u00e9cembre 2020 :<\/strong> Le Bleymard, Rudeboy Crew (48)<br \/><strong>Automne 2020 : <\/strong>Foyer rural de Langlade-Brenoux (48)<br \/><strong>27 septembre 2020 :<\/strong> La maison dans le ciel (48)<br \/><strong>Ann\u00e9e scolaire 2020 &#8211; 2021 <\/strong>: \u00c9cole de St Bauzile &#8211; Rouffiac (48)<br \/><strong>27 juillet 2020 : <\/strong>Th\u00e9\u00e2tre Le P\u00e9riscope (30)<br \/><strong>25 et 26 juillet 2020 :<\/strong> Foyer rural de Saint-Martin-de-Lansuscle<br \/><strong>De janvier \u00e0 mars 2020 :<\/strong> Coll\u00e8ge de Bouillargues (30)<br \/><strong>19 novembre 2019 :<\/strong> M\u00e9diath\u00e8que de l&rsquo;Esperluette (48)<br \/><strong>14-18 octobre 2019 : <\/strong>Centre hospitalier psychiatrique Fran\u00e7ois Tosquelles, Saint Alban (48)<\/p>\n<\/div>\n<\/div>\n<\/div>\n\n<figure class=\"wp-block-gallery columns-3 is-cropped wp-block-gallery-4 is-layout-flex wp-block-gallery-is-layout-flex\">\n<ul class=\"blocks-gallery-grid\">\n<li class=\"blocks-gallery-item\">\n<figure><a href=\"https:\/\/lhivernu.com\/wp-content\/uploads\/2022\/03\/Mima-2021-Samedi-Etablis-itin\u00e9rants-Web-07.jpg\"><img decoding=\"async\" class=\"alignnone wp-image-2756\" src=\"https:\/\/lhivernu.com\/wp-content\/uploads\/2022\/03\/Mima-2021-Samedi-Etablis-itin\u00e9rants-Web-07-768x1024.jpg\" alt=\"\" width=\"768\" height=\"1024\" data-id=\"2756\" data-link=\"https:\/\/lhivernu.com\/?attachment_id=2756\" srcset=\"https:\/\/lhivernu.com\/wp-content\/uploads\/2022\/03\/Mima-2021-Samedi-Etablis-itin\u00e9rants-Web-07-768x1024.jpg 768w, https:\/\/lhivernu.com\/wp-content\/uploads\/2022\/03\/Mima-2021-Samedi-Etablis-itin\u00e9rants-Web-07-225x300.jpg 225w, https:\/\/lhivernu.com\/wp-content\/uploads\/2022\/03\/Mima-2021-Samedi-Etablis-itin\u00e9rants-Web-07-300x400.jpg 300w, https:\/\/lhivernu.com\/wp-content\/uploads\/2022\/03\/Mima-2021-Samedi-Etablis-itin\u00e9rants-Web-07-1152x1536.jpg 1152w, https:\/\/lhivernu.com\/wp-content\/uploads\/2022\/03\/Mima-2021-Samedi-Etablis-itin\u00e9rants-Web-07-830x1107.jpg 830w, https:\/\/lhivernu.com\/wp-content\/uploads\/2022\/03\/Mima-2021-Samedi-Etablis-itin\u00e9rants-Web-07-230x307.jpg 230w, https:\/\/lhivernu.com\/wp-content\/uploads\/2022\/03\/Mima-2021-Samedi-Etablis-itin\u00e9rants-Web-07-350x467.jpg 350w, https:\/\/lhivernu.com\/wp-content\/uploads\/2022\/03\/Mima-2021-Samedi-Etablis-itin\u00e9rants-Web-07-480x640.jpg 480w, https:\/\/lhivernu.com\/wp-content\/uploads\/2022\/03\/Mima-2021-Samedi-Etablis-itin\u00e9rants-Web-07.jpg 1500w\" sizes=\"(max-width: 768px) 100vw, 768px\" \/><\/a><\/figure>\n<\/li>\n<li class=\"blocks-gallery-item\">\n<figure><a href=\"https:\/\/lhivernu.com\/wp-content\/uploads\/2022\/03\/Atelier-LHiver-nu-Web-01.jpg\"><img decoding=\"async\" class=\"alignnone wp-image-2757\" src=\"https:\/\/lhivernu.com\/wp-content\/uploads\/2022\/03\/Atelier-LHiver-nu-Web-01-1024x768.jpg\" alt=\"\" width=\"1024\" height=\"768\" data-id=\"2757\" data-link=\"https:\/\/lhivernu.com\/?attachment_id=2757\" srcset=\"https:\/\/lhivernu.com\/wp-content\/uploads\/2022\/03\/Atelier-LHiver-nu-Web-01-1024x768.jpg 1024w, https:\/\/lhivernu.com\/wp-content\/uploads\/2022\/03\/Atelier-LHiver-nu-Web-01-300x225.jpg 300w, https:\/\/lhivernu.com\/wp-content\/uploads\/2022\/03\/Atelier-LHiver-nu-Web-01-768x576.jpg 768w, https:\/\/lhivernu.com\/wp-content\/uploads\/2022\/03\/Atelier-LHiver-nu-Web-01-1536x1152.jpg 1536w, https:\/\/lhivernu.com\/wp-content\/uploads\/2022\/03\/Atelier-LHiver-nu-Web-01-830x623.jpg 830w, https:\/\/lhivernu.com\/wp-content\/uploads\/2022\/03\/Atelier-LHiver-nu-Web-01-230x173.jpg 230w, https:\/\/lhivernu.com\/wp-content\/uploads\/2022\/03\/Atelier-LHiver-nu-Web-01-350x263.jpg 350w, https:\/\/lhivernu.com\/wp-content\/uploads\/2022\/03\/Atelier-LHiver-nu-Web-01-480x360.jpg 480w, https:\/\/lhivernu.com\/wp-content\/uploads\/2022\/03\/Atelier-LHiver-nu-Web-01.jpg 2000w\" sizes=\"(max-width: 1024px) 100vw, 1024px\" \/><\/a><\/figure>\n<\/li>\n<li class=\"blocks-gallery-item\">\n<figure><a href=\"https:\/\/lhivernu.com\/wp-content\/uploads\/2022\/03\/\u00c9tablis-itin\u00e9rants-Cie-lhiver-nu.jpg\"><img loading=\"lazy\" decoding=\"async\" class=\"alignnone wp-image-2758\" src=\"https:\/\/lhivernu.com\/wp-content\/uploads\/2022\/03\/\u00c9tablis-itin\u00e9rants-Cie-lhiver-nu-874x1024.jpg\" alt=\"\" width=\"874\" height=\"1024\" data-id=\"2758\" data-link=\"https:\/\/lhivernu.com\/?attachment_id=2758\" srcset=\"https:\/\/lhivernu.com\/wp-content\/uploads\/2022\/03\/\u00c9tablis-itin\u00e9rants-Cie-lhiver-nu-874x1024.jpg 874w, https:\/\/lhivernu.com\/wp-content\/uploads\/2022\/03\/\u00c9tablis-itin\u00e9rants-Cie-lhiver-nu-256x300.jpg 256w, https:\/\/lhivernu.com\/wp-content\/uploads\/2022\/03\/\u00c9tablis-itin\u00e9rants-Cie-lhiver-nu-768x900.jpg 768w, https:\/\/lhivernu.com\/wp-content\/uploads\/2022\/03\/\u00c9tablis-itin\u00e9rants-Cie-lhiver-nu-1311x1536.jpg 1311w, https:\/\/lhivernu.com\/wp-content\/uploads\/2022\/03\/\u00c9tablis-itin\u00e9rants-Cie-lhiver-nu-830x972.jpg 830w, https:\/\/lhivernu.com\/wp-content\/uploads\/2022\/03\/\u00c9tablis-itin\u00e9rants-Cie-lhiver-nu-230x269.jpg 230w, https:\/\/lhivernu.com\/wp-content\/uploads\/2022\/03\/\u00c9tablis-itin\u00e9rants-Cie-lhiver-nu-350x410.jpg 350w, https:\/\/lhivernu.com\/wp-content\/uploads\/2022\/03\/\u00c9tablis-itin\u00e9rants-Cie-lhiver-nu-480x562.jpg 480w, https:\/\/lhivernu.com\/wp-content\/uploads\/2022\/03\/\u00c9tablis-itin\u00e9rants-Cie-lhiver-nu.jpg 1707w\" sizes=\"(max-width: 874px) 100vw, 874px\" \/><\/a><\/figure>\n<\/li>\n<li class=\"blocks-gallery-item\">\n<figure><a href=\"https:\/\/lhivernu.com\/wp-content\/uploads\/2022\/03\/Atelier-LHiver-nu-Web-18.jpg\"><img loading=\"lazy\" decoding=\"async\" class=\"alignnone wp-image-2759\" src=\"https:\/\/lhivernu.com\/wp-content\/uploads\/2022\/03\/Atelier-LHiver-nu-Web-18-768x1024.jpg\" alt=\"\" width=\"768\" height=\"1024\" data-id=\"2759\" data-link=\"https:\/\/lhivernu.com\/?attachment_id=2759\" srcset=\"https:\/\/lhivernu.com\/wp-content\/uploads\/2022\/03\/Atelier-LHiver-nu-Web-18-768x1024.jpg 768w, https:\/\/lhivernu.com\/wp-content\/uploads\/2022\/03\/Atelier-LHiver-nu-Web-18-225x300.jpg 225w, https:\/\/lhivernu.com\/wp-content\/uploads\/2022\/03\/Atelier-LHiver-nu-Web-18-300x400.jpg 300w, https:\/\/lhivernu.com\/wp-content\/uploads\/2022\/03\/Atelier-LHiver-nu-Web-18-1152x1536.jpg 1152w, https:\/\/lhivernu.com\/wp-content\/uploads\/2022\/03\/Atelier-LHiver-nu-Web-18-830x1107.jpg 830w, https:\/\/lhivernu.com\/wp-content\/uploads\/2022\/03\/Atelier-LHiver-nu-Web-18-230x307.jpg 230w, https:\/\/lhivernu.com\/wp-content\/uploads\/2022\/03\/Atelier-LHiver-nu-Web-18-350x467.jpg 350w, https:\/\/lhivernu.com\/wp-content\/uploads\/2022\/03\/Atelier-LHiver-nu-Web-18-480x640.jpg 480w, https:\/\/lhivernu.com\/wp-content\/uploads\/2022\/03\/Atelier-LHiver-nu-Web-18.jpg 1500w\" sizes=\"(max-width: 768px) 100vw, 768px\" \/><\/a><\/figure>\n<\/li>\n<li class=\"blocks-gallery-item\">\n<figure><a href=\"https:\/\/lhivernu.com\/wp-content\/uploads\/2022\/03\/Atelier-LHiver-nu-Web-33.jpg\"><img loading=\"lazy\" decoding=\"async\" class=\"alignnone wp-image-2760\" src=\"https:\/\/lhivernu.com\/wp-content\/uploads\/2022\/03\/Atelier-LHiver-nu-Web-33-682x1024.jpg\" alt=\"\" width=\"682\" height=\"1024\" data-id=\"2760\" data-link=\"https:\/\/lhivernu.com\/?attachment_id=2760\" srcset=\"https:\/\/lhivernu.com\/wp-content\/uploads\/2022\/03\/Atelier-LHiver-nu-Web-33-682x1024.jpg 682w, https:\/\/lhivernu.com\/wp-content\/uploads\/2022\/03\/Atelier-LHiver-nu-Web-33-200x300.jpg 200w, https:\/\/lhivernu.com\/wp-content\/uploads\/2022\/03\/Atelier-LHiver-nu-Web-33-768x1152.jpg 768w, https:\/\/lhivernu.com\/wp-content\/uploads\/2022\/03\/Atelier-LHiver-nu-Web-33-1024x1536.jpg 1024w, https:\/\/lhivernu.com\/wp-content\/uploads\/2022\/03\/Atelier-LHiver-nu-Web-33-830x1245.jpg 830w, https:\/\/lhivernu.com\/wp-content\/uploads\/2022\/03\/Atelier-LHiver-nu-Web-33-230x345.jpg 230w, https:\/\/lhivernu.com\/wp-content\/uploads\/2022\/03\/Atelier-LHiver-nu-Web-33-350x525.jpg 350w, https:\/\/lhivernu.com\/wp-content\/uploads\/2022\/03\/Atelier-LHiver-nu-Web-33-480x720.jpg 480w, https:\/\/lhivernu.com\/wp-content\/uploads\/2022\/03\/Atelier-LHiver-nu-Web-33.jpg 1333w\" sizes=\"(max-width: 682px) 100vw, 682px\" \/><\/a><\/figure>\n<\/li>\n<li class=\"blocks-gallery-item\">\n<figure><a href=\"https:\/\/lhivernu.com\/wp-content\/uploads\/2022\/03\/Atelier-LHiver-nu-Web-20.jpg\"><img loading=\"lazy\" decoding=\"async\" class=\"alignnone wp-image-2761\" src=\"https:\/\/lhivernu.com\/wp-content\/uploads\/2022\/03\/Atelier-LHiver-nu-Web-20-768x1024.jpg\" alt=\"\" width=\"768\" height=\"1024\" data-id=\"2761\" data-full-url=\"https:\/\/lhivernu.com\/wp-content\/uploads\/2022\/03\/Atelier-LHiver-nu-Web-20.jpg\" data-link=\"https:\/\/lhivernu.com\/?attachment_id=2761\" srcset=\"https:\/\/lhivernu.com\/wp-content\/uploads\/2022\/03\/Atelier-LHiver-nu-Web-20-768x1024.jpg 768w, https:\/\/lhivernu.com\/wp-content\/uploads\/2022\/03\/Atelier-LHiver-nu-Web-20-225x300.jpg 225w, https:\/\/lhivernu.com\/wp-content\/uploads\/2022\/03\/Atelier-LHiver-nu-Web-20-300x400.jpg 300w, https:\/\/lhivernu.com\/wp-content\/uploads\/2022\/03\/Atelier-LHiver-nu-Web-20-1152x1536.jpg 1152w, https:\/\/lhivernu.com\/wp-content\/uploads\/2022\/03\/Atelier-LHiver-nu-Web-20-830x1107.jpg 830w, https:\/\/lhivernu.com\/wp-content\/uploads\/2022\/03\/Atelier-LHiver-nu-Web-20-230x307.jpg 230w, https:\/\/lhivernu.com\/wp-content\/uploads\/2022\/03\/Atelier-LHiver-nu-Web-20-350x467.jpg 350w, https:\/\/lhivernu.com\/wp-content\/uploads\/2022\/03\/Atelier-LHiver-nu-Web-20-480x640.jpg 480w, https:\/\/lhivernu.com\/wp-content\/uploads\/2022\/03\/Atelier-LHiver-nu-Web-20.jpg 1500w\" sizes=\"(max-width: 768px) 100vw, 768px\" \/><\/a><\/figure>\n<\/li>\n<\/ul>\n<\/figure>\n\t\t\t\t\t\t\t\t<\/div>\n\t\t\t\t<\/div>\n\t\t\t\t\t<\/div>\n\t\t<\/div>\n\t\t\t\t\t<\/div>\n\t\t<\/section>\n\t\t\t\t<\/div>\n\t\t","protected":false},"excerpt":{"rendered":"","protected":false},"author":4,"featured_media":0,"parent":0,"menu_order":0,"comment_status":"closed","ping_status":"closed","template":"","meta":{"_themeisle_gutenberg_block_has_review":false,"footnotes":""},"class_list":["post-2755","page","type-page","status-publish","hentry"],"_links":{"self":[{"href":"https:\/\/lhivernu.com\/index.php\/wp-json\/wp\/v2\/pages\/2755","targetHints":{"allow":["GET"]}}],"collection":[{"href":"https:\/\/lhivernu.com\/index.php\/wp-json\/wp\/v2\/pages"}],"about":[{"href":"https:\/\/lhivernu.com\/index.php\/wp-json\/wp\/v2\/types\/page"}],"author":[{"embeddable":true,"href":"https:\/\/lhivernu.com\/index.php\/wp-json\/wp\/v2\/users\/4"}],"replies":[{"embeddable":true,"href":"https:\/\/lhivernu.com\/index.php\/wp-json\/wp\/v2\/comments?post=2755"}],"version-history":[{"count":5,"href":"https:\/\/lhivernu.com\/index.php\/wp-json\/wp\/v2\/pages\/2755\/revisions"}],"predecessor-version":[{"id":5461,"href":"https:\/\/lhivernu.com\/index.php\/wp-json\/wp\/v2\/pages\/2755\/revisions\/5461"}],"wp:attachment":[{"href":"https:\/\/lhivernu.com\/index.php\/wp-json\/wp\/v2\/media?parent=2755"}],"curies":[{"name":"wp","href":"https:\/\/api.w.org\/{rel}","templated":true}]}}